{"id":962,"date":"2023-09-20T14:10:36","date_gmt":"2023-09-20T14:10:36","guid":{"rendered":"https:\/\/osbf.nu\/?page_id=962"},"modified":"2023-09-20T14:17:40","modified_gmt":"2023-09-20T14:17:40","slug":"personuppgifter","status":"publish","type":"page","link":"https:\/\/osbf.nu\/index.php\/personuppgifter\/","title":{"rendered":"Hur vi behandlar personuppgifter"},"content":{"rendered":"<p>[et_pb_section fb_built=&#8221;1&#8243; fullwidth=&#8221;on&#8221; next_background_color=&#8221;#ffffff&#8221; _builder_version=&#8221;4.16&#8243; _module_preset=&#8221;default&#8221; background_color=&#8221;#FFFFFF&#8221; background_enable_image=&#8221;off&#8221; module_alignment=&#8221;center&#8221; min_height=&#8221;700px&#8221; min_height_tablet=&#8221;400px&#8221; min_height_phone=&#8221;400px&#8221; min_height_last_edited=&#8221;on|desktop&#8221; bottom_divider_style=&#8221;waves2&#8243; locked=&#8221;off&#8221; global_colors_info=&#8221;{}&#8221;][et_pb_fullwidth_slider _builder_version=&#8221;4.16&#8243; _module_preset=&#8221;default&#8221; min_height=&#8221;700px&#8221; min_height_tablet=&#8221;400px&#8221; min_height_phone=&#8221;400px&#8221; min_height_last_edited=&#8221;on|phone&#8221; global_colors_info=&#8221;{}&#8221;][et_pb_slide _builder_version=&#8221;4.16&#8243; _module_preset=&#8221;default&#8221; background_image=&#8221;https:\/\/osbf.nu\/wp-content\/uploads\/2022\/03\/Diverse-havsbilder00001-1.jpg&#8221; background_enable_image=&#8221;on&#8221; global_colors_info=&#8221;{}&#8221; sticky_transition=&#8221;on&#8221;][\/et_pb_slide][\/et_pb_fullwidth_slider][\/et_pb_section][et_pb_section fb_built=&#8221;1&#8243; _builder_version=&#8221;4.16&#8243; _module_preset=&#8221;default&#8221; min_height=&#8221;2330.8px&#8221; custom_margin=&#8221;49px|||||&#8221; custom_padding=&#8221;0px|||||&#8221; locked=&#8221;off&#8221; global_colors_info=&#8221;{}&#8221;][et_pb_row _builder_version=&#8221;4.22.1&#8243; _module_preset=&#8221;default&#8221; global_colors_info=&#8221;{}&#8221;][et_pb_column type=&#8221;4_4&#8243; _builder_version=&#8221;4.16&#8243; _module_preset=&#8221;default&#8221; global_colors_info=&#8221;{}&#8221;][et_pb_text _builder_version=&#8221;4.22.1&#8243; _module_preset=&#8221;default&#8221; header_2_font=&#8221;|||on|||||&#8221; hover_enabled=&#8221;0&#8243; global_colors_info=&#8221;{}&#8221; text_font_size=&#8221;16px&#8221; text_line_height=&#8221;1.6em&#8221; sticky_enabled=&#8221;0&#8243; header_2_font_size=&#8221;20px&#8221;]<\/p>\n<h2 class=\"p2\">Information om hur \u00d6SB behandlar dina personuppgifter<\/h2>\n<p class=\"p3\">H\u00e4r kan du ta del av \u00f6vergripande information om varf\u00f6r, hur och med vilket lagst\u00f6d \u00d6SB behandlar dina personuppgifter samt vilka r\u00e4ttigheter du har g\u00e4llande \u00d6SB:s behandling av dina personuppgifter.<\/p>\n<p class=\"p3\">\u00d6SB \u00e4r personuppgiftsansvarig f\u00f6r de behandlingar av personuppgifter som vi utf\u00f6r. Det inneb\u00e4r att vi har ansvar f\u00f6r v\u00e5ra behandlingar av dina personuppgifter \u00e4r i enlighet med g\u00e4llande lagstiftning.<\/p>\n<p class=\"p3\">Behandling av personuppgifter sker i enlighet med Europaparlamentets och r\u00e5dets f\u00f6rordning (EU) 2016\/679 av den 27 april 2016 om skydd f\u00f6r fysiska personer med avseende p\u00e5 behandling av personuppgifter och om det fria fl\u00f6det av s\u00e5dana uppgifter och om upph\u00e4vande av direktiv 95\/46\/EG (EU:s dataskyddsf\u00f6rordning) och lagen (2018:218) med kompletterande best\u00e4mmelser till EU:s dataskyddsf\u00f6rordning (dataskyddslagen). Denna lagstiftning omfattar all behandling som sker p\u00e5 automatisk v\u00e4g samt manuella register.<\/p>\n<h3 class=\"p2\"><\/h3>\n<h3 class=\"p2\"><\/h3>\n<h3 class=\"p2\">Vad \u00e4r personuppgifter och vad \u00e4r behandling av personuppgifter?<\/h3>\n<p class=\"p3\">Personuppgifter \u00e4r all slags information som direkt eller indirekt kan kopplas till dig som person. Det kan till exempel vara ditt namn, personnummer, e-postadress, k\u00f6n, yrke eller egendomar.<\/p>\n<p class=\"p3\">Med behandling av personuppgifter menas i princip allt som g\u00e5r att g\u00f6ra med uppgifterna. Det kan till exempel vara att samla in, l\u00e4sa, spara, \u00e4ndra, radera, strukturera, samk\u00f6ra eller skriva ut uppgifterna.<\/p>\n<p class=\"p3\">L\u00e4s mer om personuppgifter p\u00e5 Integritetsskyddsmyndighetens webbplats <a href=\"https:\/\/www.imy.se\/\">Integritetsskyddsmyndigheten (IMY)<\/a><\/p>\n<h3 class=\"p2\"><\/h3>\n<h3 class=\"p2\"><\/h3>\n<h3 class=\"p2\">Hur behandlar \u00d6SB dina personuppgifter?<\/h3>\n<p class=\"p3\">Vi behandlar dina personuppgifter f\u00f6r att kunna offerera, teckna och administrera avtal f\u00f6r f\u00f6rs\u00e4kringar samt f\u00f6r att hantera dina anspr\u00e5k och ers\u00e4tta dig n\u00e4r du drabbas av en f\u00f6rlust eller skada. \u00c4ven f\u00f6r att ha r\u00e4tt information i v\u00e5rt kundregister och d\u00e4rigenom kunna hj\u00e4lpa dig med dina \u00e4renden och f\u00f6r att ge dig personlig och digital service.<\/p>\n<p class=\"p3\">I det fall du \u00e4r f\u00f6rs\u00e4kringstagare \u00e4r v\u00e5r r\u00e4ttsliga grund f\u00f6r behandlingen av dina personuppgifter att den \u00e4r n\u00f6dv\u00e4ndig f\u00f6r att vi ska kunna ing\u00e5 och fullg\u00f6ra v\u00e5ra avtal med dig samt f\u00f6r att kunna vidta \u00e5tg\u00e4rder som du beg\u00e4rt innan ett s\u00e5dant avtal ing\u00e5s. Viss behandling har ocks\u00e5 som r\u00e4ttslig grund att du har samtyckt till behandlingen eller att den \u00e4r n\u00f6dv\u00e4ndig f\u00f6r att vi ska kunna uppfylla v\u00e5ra f\u00f6rpliktelser enligt lag, till exempel f\u00f6rs\u00e4kringsavtalslagen (2005:104). N\u00e4r det beh\u00f6vs f\u00f6r att vi s\u00e4kert ska kunna identifiera dig behandlar vi \u00e4ven personnummer.<\/p>\n<p class=\"p3\">Vi behandlar \u00e4ven personuppgifter f\u00f6r att kunna marknadsf\u00f6ra v\u00e5ra produkter och tj\u00e4nster i olika kanaler och f\u00f6lja upp v\u00e5ra marknadsf\u00f6rings-och s\u00e4ljaktiviteter. Vi st\u00f6djer d\u00e5 v\u00e5r behandling av dina personuppgifter p\u00e5 en s\u00e5 kallad intresseavv\u00e4gning. Behandlingen \u00e4r n\u00f6dv\u00e4ndig f\u00f6r att vi ska kunna marknadsf\u00f6ra v\u00e5ra tj\u00e4nster och produkter till dig och f\u00f6lja upp eventuell respons.<\/p>\n<h3 class=\"p2\"><\/h3>\n<h3 class=\"p2\"><\/h3>\n<h3 class=\"p2\">Hur samlar \u00d6SB in dina personuppgifter?<\/h3>\n<p class=\"p3\">Vi samlar in personuppgifter fr\u00e5n dig vid v\u00e5ra kontakter med dig genom till exempel webbplatsen, telefon eller e-post.<\/p>\n<h3 class=\"p2\"><\/h3>\n<h3 class=\"p2\"><\/h3>\n<h3 class=\"p2\">Vem kan ta del av de personuppgifter vi behandlar?<\/h3>\n<p class=\"p3\">De som kan f\u00e5 del av personuppgifterna \u00e4r medarbetare p\u00e5 \u00d6SB som beh\u00f6ver dem f\u00f6r att utf\u00f6ra sina arbetsuppgifter.<\/p>\n<p class=\"p3\">I vissa fall anv\u00e4nder vi personuppgiftsbitr\u00e4den som f\u00e5r del av och behandlar personuppgifter f\u00f6r \u00d6SB:s r\u00e4kning. Personuppgiftsbitr\u00e4den f\u00e5r endast behandla personuppgifter enligt de \u00e4ndam\u00e5l och instruktioner som vi l\u00e4mnar och \u00d6SB ansvarar fortfarande f\u00f6r behandlingen. N\u00e4r personuppgifter ska behandlas av ett personuppgiftsbitr\u00e4de uppr\u00e4ttas ett s\u00e5 kallat personuppgiftsbitr\u00e4desavtal. Vi anv\u00e4nder exempelvis personuppgiftsbitr\u00e4de f\u00f6r vissa ekonomi- och IT-tj\u00e4nster.<\/p>\n<p class=\"p3\">Personuppgifterna kommer inte att \u00f6verf\u00f6ras till tredje land (se dock om sociala medier) och vi s\u00e4ljer inte personuppgifter till tredje part.<\/p>\n<h3 class=\"p2\"><\/h3>\n<h3 class=\"p2\"><\/h3>\n<h3 class=\"p2\">Hur l\u00e4nge sparar \u00d6SB dina personuppgifter?<\/h3>\n<p class=\"p3\">De uppgifter vi behandlar f\u00f6r att uppr\u00e4tta en offert sparar vi i sex m\u00e5nader efter att offerten slutat g\u00e4lla, om den inte leder till ett avtal.<\/p>\n<p class=\"p3\">N\u00e4r vi ing\u00e5r avtal behandlar vi dina uppgifter s\u00e5 l\u00e4nge avtalsf\u00f6rh\u00e5llandet best\u00e5r och d\u00e4refter i minst tio \u00e5r med h\u00e4nsyn till g\u00e4llande regler om preskription.<\/p>\n<p class=\"p3\">\u00c4ven uppgifter h\u00e4nf\u00f6rliga till anm\u00e4lda skador sparar vi i tio \u00e5r efter att skadan slutreglerats, med h\u00e4nsyn till g\u00e4llande regler om preskription och regressr\u00e4tt. I vissa fall f\u00f6religger r\u00e4tt till ers\u00e4ttning \u00e4ven efter att tio \u00e5r och i de fallen sparar vi uppgifterna s\u00e5 l\u00e4nge som denna r\u00e4tt f\u00f6religger.<\/p>\n<p class=\"p3\">Vi f\u00f6ljer \u00e4ven best\u00e4mmelser om bevarande av handlingar i bolag.<\/p>\n<p class=\"p3\">Andra personuppgifter sparas endast s\u00e5 l\u00e4nge de \u00e4r n\u00f6dv\u00e4ndiga f\u00f6r de \u00e4ndam\u00e5l som de behandlas f\u00f6r.<\/p>\n<h3 class=\"p2\"><\/h3>\n<h3 class=\"p2\">Dina r\u00e4ttigheter:<\/h3>\n<p class=\"p3\">N\u00e4r vi behandlar personuppgifter om dig har du flera r\u00e4ttigheter. Om du vill ut\u00f6va n\u00e5gon av dina r\u00e4ttigheter eller har fr\u00e5gor som r\u00f6r v\u00e5r behandling av dina personuppgifter \u00e4r du v\u00e4lkommen att kontakta oss (se kontaktuppgifter l\u00e4ngst ner p\u00e5 sidan).<\/p>\n<p class=\"p3\"><i><strong>R\u00e4tt till information (registerutdrag)<\/strong> <\/i><\/p>\n<p class=\"p3\">Du har r\u00e4tt att beg\u00e4ra ett s\u00e5 kallat registerutdrag fr\u00e5n oss. Om du g\u00f6r det kommer du att f\u00e5 ett utdrag \u00f6ver de personuppgifter om dig som vi behandlar, tillsammans med information om hur vi behandlar dem. Ange g\u00e4rna vilken\/vilka behandlingar din beg\u00e4ran g\u00e4ller.<\/p>\n<p class=\"p3\"><i><strong>R\u00e4tt till r\u00e4ttelse <\/strong><\/i><\/p>\n<p class=\"p3\">Vi \u00e4r ansvariga f\u00f6r att se till att de uppgifter vi behandlar om dig \u00e4r riktiga och uppdaterade. R\u00e4tten till r\u00e4ttelse inneb\u00e4r att du, om du uppt\u00e4cker att en<\/p>\n<p class=\"p3\">uppgift som r\u00f6r dig \u00e4r felaktig eller ofullst\u00e4ndig, har r\u00e4tt att f\u00e5 uppgiften r\u00e4ttad eller kompletterad utan att det tar on\u00f6digt l\u00e5ngt tid.<\/p>\n<p class=\"p3\"><i><strong>R\u00e4tt att g\u00f6ra inv\u00e4ndningar<\/strong> <\/i><\/p>\n<p class=\"p3\">Du har r\u00e4tt att n\u00e4r som helst inv\u00e4nda mot behandling av dina personuppgifter som vi anv\u00e4nder utifr\u00e5n v\u00e5rt (eller en samarbetspartners) ber\u00e4ttigade intresse. Efter din inv\u00e4ndning f\u00e5r vi bara forts\u00e4tta behandla dina uppgifter om vi kan visa p\u00e5 avg\u00f6rande ber\u00e4ttigade sk\u00e4l som v\u00e4ger tyngre \u00e4n dina intressen eller om vi beh\u00f6ver behandla uppgifterna f\u00f6r att fastst\u00e4lla, ut\u00f6va eller f\u00f6rsvara r\u00e4ttsliga anspr\u00e5k.<\/p>\n<p class=\"p3\">Du har ocks\u00e5 r\u00e4tt att n\u00e4r som helst inv\u00e4nda mot behandling av dina personuppgifter som vi anv\u00e4nder f\u00f6r direkt marknadsf\u00f6ring, inklusive profilering som har samband med s\u00e5dan marknadsf\u00f6ring. Om du har inv\u00e4nt mot behandling f\u00f6r direkt marknadsf\u00f6ring f\u00e5r vi inte l\u00e4ngre behandla dina uppgifter f\u00f6r s\u00e5dana \u00e4ndam\u00e5l.<\/p>\n<p class=\"p3\"><i><strong>R\u00e4tt till begr\u00e4nsning av behandling<\/strong> <\/i><\/p>\n<p class=\"p3\">Du har r\u00e4tt att kr\u00e4va att vi begr\u00e4nsar personuppgiftsbehandlingen om dig under vissa f\u00f6ruts\u00e4ttningar. Med begr\u00e4nsning menas att vissa uppgifter markeras s\u00e5 att de i framtiden bara f\u00e5r behandlas f\u00f6r vissa avgr\u00e4nsade syften. Genom att beg\u00e4ra en begr\u00e4nsning har du, i vart fall under en viss tid, m\u00f6jlighet att stoppa oss fr\u00e5n att anv\u00e4nda uppgifterna annat \u00e4n f\u00f6r att exempelvis f\u00f6rsvara r\u00e4ttsliga anspr\u00e5k. Du kan \u00e4ven hindra oss fr\u00e5n att radera uppgifterna, till exempel om du beh\u00f6ver uppgifterna f\u00f6r att kr\u00e4va skadest\u00e5nd.<\/p>\n<p class=\"p3\"><i><strong>R\u00e4tt till radering (r\u00e4tt att bli bortgl\u00f6md)<\/strong> <\/i><\/p>\n<p class=\"p3\">R\u00e4tten till radering inneb\u00e4r att du har r\u00e4tt att f\u00e5 dina personuppgifter raderade under vissa f\u00f6ruts\u00e4ttningar, bland annat om personuppgifterna inte l\u00e4ngre \u00e4r n\u00f6dv\u00e4ndiga f\u00f6r \u00e4ndam\u00e5len eller om personuppgifterna har behandlats p\u00e5 ett olagligt s\u00e4tt.<\/p>\n<p class=\"p3\"><i><strong>R\u00e4tt att flytta dina personuppgifter (dataportabilitet)<\/strong> <\/i><\/p>\n<p class=\"p3\">Du har r\u00e4tt att f\u00e5 ut de personuppgifter som du gett oss i ett strukturerat, allm\u00e4nt anv\u00e4nt och maskinl\u00e4sbart format f\u00f6rutsatt att behandlingen grundar sig p\u00e5 samtycke eller fullg\u00f6rande av avtal och att den sker automatiserat. Du har \u00e4ven r\u00e4tt att f\u00e5 uppgifterna \u00f6verf\u00f6rda direkt till en annan personuppgiftsansvarig om det \u00e4r tekniskt m\u00f6jligt.<\/p>\n<p class=\"p3\"><i><strong>R\u00e4tt att \u00e5terkalla samtycke<\/strong> <\/i><\/p>\n<p class=\"p3\">Du har r\u00e4tt att n\u00e4rsomhelst ta tillbaka ditt samtycke i de fall vi grundar v\u00e5r behandling av dina uppgifter p\u00e5 ditt samtycke.<\/p>\n<p class=\"p3\"><i><strong>R\u00e4tt att framf\u00f6ra klagom\u00e5l mot \u00d6SB:s behandling av dina personuppgifter<\/strong> <\/i><\/p>\n<p class=\"p3\">Om du \u00e4r missn\u00f6jd med hur vi behandlar dina personuppgifter \u00e4r du v\u00e4lkommen att anv\u00e4nda kontaktuppgifterna l\u00e4ngre ner p\u00e5 sidan f\u00f6r att ber\u00e4tta f\u00f6r oss vad du \u00e4r missn\u00f6jd med. Du har ocks\u00e5 r\u00e4tt att klaga p\u00e5 v\u00e5r behandling av dina personuppgifter till Integritetsskyddsmyndigheten<\/p>\n<p class=\"p3\">(IMY). Om du bor eller arbetar i ett annat land \u00e4n Sverige kan du v\u00e4nda dig till tillsynsmyndigheten i det landet.<\/p>\n<p class=\"p3\">L\u00e4s mer om dina r\u00e4ttigheter p\u00e5 Integritetsskyddsmyndighetens webbplats <a href=\"https:\/\/www.imy.se\/\"><span class=\"s2\">Integritetsskyddsmyndigheten | IMY<\/span>.<\/a><\/p>\n<p class=\"p3\">Om du har fr\u00e5gor kring personuppgiftsbehandlingen \u00e4r du v\u00e4lkommen att kontakta oss.<\/p>\n<p>[\/et_pb_text][\/et_pb_column][\/et_pb_row][\/et_pb_section]<\/p>\n","protected":false},"excerpt":{"rendered":"<p>Information om hur \u00d6SB behandlar dina personuppgifter H\u00e4r kan du ta del av \u00f6vergripande information om varf\u00f6r, hur och med vilket lagst\u00f6d \u00d6SB behandlar dina personuppgifter samt vilka r\u00e4ttigheter du har g\u00e4llande \u00d6SB:s behandling av dina personuppgifter. \u00d6SB \u00e4r personuppgiftsansvarig f\u00f6r de behandlingar av personuppgifter som vi utf\u00f6r. Det inneb\u00e4r att vi har ansvar f\u00f6r [&hellip;]<\/p>\n","protected":false},"author":1,"featured_media":0,"parent":0,"menu_order":0,"comment_status":"closed","ping_status":"closed","template":"","meta":{"_et_pb_use_builder":"on","_et_pb_old_content":"","_et_gb_content_width":"","footnotes":""},"class_list":["post-962","page","type-page","status-publish","hentry"],"yoast_head":"<!-- This site is optimized with the Yoast SEO plugin v27.4 - https:\/\/yoast.com\/product\/yoast-seo-wordpress\/ -->\n<title>Hur vi behandlar personuppgifter - \u00d6SB F\u00f6rs\u00e4kringar<\/title>\n<meta name=\"robots\" content=\"index, follow, max-snippet:-1, max-image-preview:large, max-video-preview:-1\" \/>\n<link rel=\"canonical\" href=\"https:\/\/osbf.nu\/index.php\/personuppgifter\/\" \/>\n<meta property=\"og:locale\" content=\"sv_SE\" \/>\n<meta property=\"og:type\" content=\"article\" \/>\n<meta property=\"og:title\" content=\"Hur vi behandlar personuppgifter - \u00d6SB F\u00f6rs\u00e4kringar\" \/>\n<meta property=\"og:description\" content=\"Information om hur \u00d6SB behandlar dina personuppgifter H\u00e4r kan du ta del av \u00f6vergripande information om varf\u00f6r, hur och med vilket lagst\u00f6d \u00d6SB behandlar dina personuppgifter samt vilka r\u00e4ttigheter du har g\u00e4llande \u00d6SB:s behandling av dina personuppgifter. \u00d6SB \u00e4r personuppgiftsansvarig f\u00f6r de behandlingar av personuppgifter som vi utf\u00f6r. Det inneb\u00e4r att vi har ansvar f\u00f6r [&hellip;]\" \/>\n<meta property=\"og:url\" content=\"https:\/\/osbf.nu\/index.php\/personuppgifter\/\" \/>\n<meta property=\"og:site_name\" content=\"\u00d6SB F\u00f6rs\u00e4kringar\" \/>\n<meta property=\"article:modified_time\" content=\"2023-09-20T14:17:40+00:00\" \/>\n<meta name=\"twitter:card\" content=\"summary_large_image\" \/>\n<script type=\"application\/ld+json\" class=\"yoast-schema-graph\">{\"@context\":\"https:\\\/\\\/schema.org\",\"@graph\":[{\"@type\":\"WebPage\",\"@id\":\"https:\\\/\\\/osbf.nu\\\/index.php\\\/personuppgifter\\\/\",\"url\":\"https:\\\/\\\/osbf.nu\\\/index.php\\\/personuppgifter\\\/\",\"name\":\"Hur vi behandlar personuppgifter - \u00d6SB F\u00f6rs\u00e4kringar\",\"isPartOf\":{\"@id\":\"https:\\\/\\\/osbf.nu\\\/#website\"},\"datePublished\":\"2023-09-20T14:10:36+00:00\",\"dateModified\":\"2023-09-20T14:17:40+00:00\",\"breadcrumb\":{\"@id\":\"https:\\\/\\\/osbf.nu\\\/index.php\\\/personuppgifter\\\/#breadcrumb\"},\"inLanguage\":\"sv-SE\",\"potentialAction\":[{\"@type\":\"ReadAction\",\"target\":[\"https:\\\/\\\/osbf.nu\\\/index.php\\\/personuppgifter\\\/\"]}]},{\"@type\":\"BreadcrumbList\",\"@id\":\"https:\\\/\\\/osbf.nu\\\/index.php\\\/personuppgifter\\\/#breadcrumb\",\"itemListElement\":[{\"@type\":\"ListItem\",\"position\":1,\"name\":\"Hem\",\"item\":\"https:\\\/\\\/osbf.nu\\\/\"},{\"@type\":\"ListItem\",\"position\":2,\"name\":\"Hur vi behandlar personuppgifter\"}]},{\"@type\":\"WebSite\",\"@id\":\"https:\\\/\\\/osbf.nu\\\/#website\",\"url\":\"https:\\\/\\\/osbf.nu\\\/\",\"name\":\"\u00d6SB F\u00f6rs\u00e4kringar\",\"description\":\"B\u00e5tf\u00f6rs\u00e4kringar f\u00f6r kustfolk\",\"publisher\":{\"@id\":\"https:\\\/\\\/osbf.nu\\\/#organization\"},\"potentialAction\":[{\"@type\":\"SearchAction\",\"target\":{\"@type\":\"EntryPoint\",\"urlTemplate\":\"https:\\\/\\\/osbf.nu\\\/?s={search_term_string}\"},\"query-input\":{\"@type\":\"PropertyValueSpecification\",\"valueRequired\":true,\"valueName\":\"search_term_string\"}}],\"inLanguage\":\"sv-SE\"},{\"@type\":\"Organization\",\"@id\":\"https:\\\/\\\/osbf.nu\\\/#organization\",\"name\":\"\u00d6SB F\u00f6rs\u00e4kring\",\"url\":\"https:\\\/\\\/osbf.nu\\\/\",\"logo\":{\"@type\":\"ImageObject\",\"inLanguage\":\"sv-SE\",\"@id\":\"https:\\\/\\\/osbf.nu\\\/#\\\/schema\\\/logo\\\/image\\\/\",\"url\":\"https:\\\/\\\/osbf.nu\\\/wp-content\\\/uploads\\\/2022\\\/03\\\/O\u0308SB-logga-fo\u0308r-webb.png\",\"contentUrl\":\"https:\\\/\\\/osbf.nu\\\/wp-content\\\/uploads\\\/2022\\\/03\\\/O\u0308SB-logga-fo\u0308r-webb.png\",\"width\":526,\"height\":209,\"caption\":\"\u00d6SB F\u00f6rs\u00e4kring\"},\"image\":{\"@id\":\"https:\\\/\\\/osbf.nu\\\/#\\\/schema\\\/logo\\\/image\\\/\"}}]}<\/script>\n<!-- \/ Yoast SEO plugin. -->","yoast_head_json":{"title":"Hur vi behandlar personuppgifter - \u00d6SB F\u00f6rs\u00e4kringar","robots":{"index":"index","follow":"follow","max-snippet":"max-snippet:-1","max-image-preview":"max-image-preview:large","max-video-preview":"max-video-preview:-1"},"canonical":"https:\/\/osbf.nu\/index.php\/personuppgifter\/","og_locale":"sv_SE","og_type":"article","og_title":"Hur vi behandlar personuppgifter - \u00d6SB F\u00f6rs\u00e4kringar","og_description":"Information om hur \u00d6SB behandlar dina personuppgifter H\u00e4r kan du ta del av \u00f6vergripande information om varf\u00f6r, hur och med vilket lagst\u00f6d \u00d6SB behandlar dina personuppgifter samt vilka r\u00e4ttigheter du har g\u00e4llande \u00d6SB:s behandling av dina personuppgifter. \u00d6SB \u00e4r personuppgiftsansvarig f\u00f6r de behandlingar av personuppgifter som vi utf\u00f6r. Det inneb\u00e4r att vi har ansvar f\u00f6r [&hellip;]","og_url":"https:\/\/osbf.nu\/index.php\/personuppgifter\/","og_site_name":"\u00d6SB F\u00f6rs\u00e4kringar","article_modified_time":"2023-09-20T14:17:40+00:00","twitter_card":"summary_large_image","schema":{"@context":"https:\/\/schema.org","@graph":[{"@type":"WebPage","@id":"https:\/\/osbf.nu\/index.php\/personuppgifter\/","url":"https:\/\/osbf.nu\/index.php\/personuppgifter\/","name":"Hur vi behandlar personuppgifter - \u00d6SB F\u00f6rs\u00e4kringar","isPartOf":{"@id":"https:\/\/osbf.nu\/#website"},"datePublished":"2023-09-20T14:10:36+00:00","dateModified":"2023-09-20T14:17:40+00:00","breadcrumb":{"@id":"https:\/\/osbf.nu\/index.php\/personuppgifter\/#breadcrumb"},"inLanguage":"sv-SE","potentialAction":[{"@type":"ReadAction","target":["https:\/\/osbf.nu\/index.php\/personuppgifter\/"]}]},{"@type":"BreadcrumbList","@id":"https:\/\/osbf.nu\/index.php\/personuppgifter\/#breadcrumb","itemListElement":[{"@type":"ListItem","position":1,"name":"Hem","item":"https:\/\/osbf.nu\/"},{"@type":"ListItem","position":2,"name":"Hur vi behandlar personuppgifter"}]},{"@type":"WebSite","@id":"https:\/\/osbf.nu\/#website","url":"https:\/\/osbf.nu\/","name":"\u00d6SB F\u00f6rs\u00e4kringar","description":"B\u00e5tf\u00f6rs\u00e4kringar f\u00f6r kustfolk","publisher":{"@id":"https:\/\/osbf.nu\/#organization"},"potentialAction":[{"@type":"SearchAction","target":{"@type":"EntryPoint","urlTemplate":"https:\/\/osbf.nu\/?s={search_term_string}"},"query-input":{"@type":"PropertyValueSpecification","valueRequired":true,"valueName":"search_term_string"}}],"inLanguage":"sv-SE"},{"@type":"Organization","@id":"https:\/\/osbf.nu\/#organization","name":"\u00d6SB F\u00f6rs\u00e4kring","url":"https:\/\/osbf.nu\/","logo":{"@type":"ImageObject","inLanguage":"sv-SE","@id":"https:\/\/osbf.nu\/#\/schema\/logo\/image\/","url":"https:\/\/osbf.nu\/wp-content\/uploads\/2022\/03\/O\u0308SB-logga-fo\u0308r-webb.png","contentUrl":"https:\/\/osbf.nu\/wp-content\/uploads\/2022\/03\/O\u0308SB-logga-fo\u0308r-webb.png","width":526,"height":209,"caption":"\u00d6SB F\u00f6rs\u00e4kring"},"image":{"@id":"https:\/\/osbf.nu\/#\/schema\/logo\/image\/"}}]}},"jetpack_sharing_enabled":true,"_links":{"self":[{"href":"https:\/\/osbf.nu\/index.php\/wp-json\/wp\/v2\/pages\/962","targetHints":{"allow":["GET"]}}],"collection":[{"href":"https:\/\/osbf.nu\/index.php\/wp-json\/wp\/v2\/pages"}],"about":[{"href":"https:\/\/osbf.nu\/index.php\/wp-json\/wp\/v2\/types\/page"}],"author":[{"embeddable":true,"href":"https:\/\/osbf.nu\/index.php\/wp-json\/wp\/v2\/users\/1"}],"replies":[{"embeddable":true,"href":"https:\/\/osbf.nu\/index.php\/wp-json\/wp\/v2\/comments?post=962"}],"version-history":[{"count":8,"href":"https:\/\/osbf.nu\/index.php\/wp-json\/wp\/v2\/pages\/962\/revisions"}],"predecessor-version":[{"id":974,"href":"https:\/\/osbf.nu\/index.php\/wp-json\/wp\/v2\/pages\/962\/revisions\/974"}],"wp:attachment":[{"href":"https:\/\/osbf.nu\/index.php\/wp-json\/wp\/v2\/media?parent=962"}],"curies":[{"name":"wp","href":"https:\/\/api.w.org\/{rel}","templated":true}]}}